{"id":110,"date":"2011-06-29T13:50:12","date_gmt":"2011-06-29T11:50:12","guid":{"rendered":"http:\/\/www.tsi1.hostzi.com\/?page_id=110"},"modified":"2019-01-25T21:47:07","modified_gmt":"2019-01-25T20:47:07","slug":"foire-aux-questions","status":"publish","type":"page","link":"https:\/\/www.tsi.lycee-louis-vincent.fr\/?page_id=110","title":{"rendered":"Foire aux questions"},"content":{"rendered":"<div class=\"entry\">\n<p style=\"text-align: right;\"><a title=\"La pr\u00e9pa TSI\" href=\"\/?page_id=67\">Retour vers \u00ab\u00a0La Pr\u00e9pa TSI\u00a0\u00bb<\/a><\/p>\n<p style=\"text-align: justify;\">Voici un liste des questions qui nous sont fr\u00e9quemment pos\u00e9es. Si vous ne trouvez pas la r\u00e9ponse qu\u2019il vous faut, n\u2019h\u00e9sitez pas \u00e0 <a title=\"Contactez-nous\" href=\"\/?page_id=55\">nous contacter<\/a>.<\/p>\n<ul>\n<li><a href=\"#ancre_1\">Est-ce que je dois \u00eatre un crack pour r\u00e9ussir en TSI ?<\/a><\/li>\n<li><a href=\"#ancre_2\">Y\u2019a-t-il beaucoup de travail en TSI?<\/a><\/li>\n<li><a href=\"#ancre_3\">Travaille-t-on le samedi matin?<\/a><\/li>\n<li><a href=\"#ancre_4\">Est-ce-que je peux concilier pr\u00e9pa et \u00ab\u00a0vie sociale\u00a0\u00bb?<\/a><\/li>\n<li><a href=\"#ancre_5\">Suis-je livr\u00e9 \u00e0 moi-m\u00eame en pr\u00e9pa?<\/a><\/li>\n<li><a href=\"#ancre_6\">Les colles qu\u2019est-ce que c\u2019est?<\/a><\/li>\n<li><a href=\"#ancre_7\">Les notes sont-elles toujours tr\u00e8s basses?<\/a><\/li>\n<li><a href=\"#ancre_8\">Y\u2019a-t-il un internat \u00e0 Louis Vincent?<\/a><\/li>\n<li><a href=\"#ancre_9\">Comment acc\u00e9der \u00e0 Louis Vincent?<\/a><\/li>\n<li><a href=\"#ancre_10\">Etudier en pr\u00e9pa, est-ce que \u00e7a co\u00fbte cher?<\/a><\/li>\n<\/ul>\n<h3 id=\"ancre_1\"><span style=\"color: #993366;\">Est-ce que je dois \u00eatre un crack pour r\u00e9ussir en TSI ?<\/span><\/h3>\n<p style=\"text-align: right;\"><strong>Non, il suffit d\u2019\u00eatre motiv\u00e9 et de travailler r\u00e9guli\u00e8rement<\/strong><\/p>\n<blockquote>\n<p style=\"text-align: justify;\">Les capacit\u00e9s intellectuelles de chacun sont certes un atout pour la r\u00e9ussite en CPGE, mais l\u2019\u00e9l\u00e9ment moteur de votre progression sera assur\u00e9ment votre motivation et votre int\u00e9r\u00eat pour les diff\u00e9rentes mati\u00e8res. Des \u00e9tudiants de tous les horizons et de tous niveaux ont su, par le pass\u00e9, d\u00e9crocher une \u00e9cole d\u2019ing\u00e9nieur de leur choix gr\u00e2ce \u00e0 leur volont\u00e9 de r\u00e9ussir.<\/p>\n<\/blockquote>\n<p id=\"ancre_2\" style=\"text-align: right;\"><a href=\"#\">Retour en haut<\/a><\/p>\n<h3><span style=\"color: #993366;\">Y\u2019a-t-il beaucoup de travail en TSI ?<\/span><\/h3>\n<p style=\"text-align: right;\"><strong>La charge de travail est plus importante qu\u2019au lyc\u00e9e mais pas insurmontable<\/strong><\/p>\n<blockquote>\n<p style=\"text-align: justify;\">La charge de travail est importante. Il sera n\u00e9cessaire d\u2019acqu\u00e9rir de nouvelles m\u00e9thodes de travail, plus efficaces et synth\u00e9tiques que celles utilis\u00e9es les ann\u00e9es pr\u00e9c\u00e9dentes. Mais rassurez vous, ceci n\u2019est pas insurmontable. L\u2019\u00e9quipe p\u00e9dagogique ainsi que vos camarades de deuxi\u00e8me ann\u00e9e vous donneront les cl\u00e9s pour y arriver.<\/p>\n<\/blockquote>\n<p id=\"ancre_3\" style=\"text-align: right;\"><a href=\"#\">Retour en haut<\/a><\/p>\n<h3><span style=\"color: #993366;\">Travaille-t-on le samedi matin ?<\/span><\/h3>\n<p style=\"text-align: right;\"><strong>Non, \u00e0 Louis Vincent la semaine de cours s\u2019\u00e9tend du lundi matin 8h au vendredi 16h<\/strong><\/p>\n<blockquote>\n<p style=\"text-align: justify;\">Compte tenu des origines g\u00e9ographique de ses \u00e9tudiants, le lyc\u00e9e a regroup\u00e9 l\u2019ensemble des cours sur 5 jours. L\u2019emploi du temps est donc un peu plus compact mais il vous permet de rentrer chez vous le vendredi soir.<\/p>\n<\/blockquote>\n<p id=\"ancre_4\" style=\"text-align: right;\"><a href=\"#\">Retour en haut<\/a><\/p>\n<h3><span style=\"color: #993366;\">Est-ce que je peux concilier pr\u00e9pa et \u00ab\u00a0vie sociale\u00a0\u00bb ?<\/span><\/h3>\n<p style=\"text-align: right;\"><strong>Oui, m\u00eame s\u2019il faudra faire quelques concessions<\/strong><\/p>\n<blockquote>\n<p style=\"text-align: justify;\">M\u00eame si vous devrez consacrer plus de temps \u00e0 vos \u00e9tudes, ceci n\u2019emp\u00eache pas de garder du temps pour vous. C\u2019est m\u00eame vivement recommand\u00e9, pour souffler un peu. Quelques sorties sont m\u00eame organis\u00e9es sur le temps scolaire.<\/p>\n<\/blockquote>\n<p id=\"ancre_5\" style=\"text-align: right;\"><a href=\"#\">Retour en haut<\/a><\/p>\n<h3><span style=\"color: #993366;\">Suis-je livr\u00e9 \u00e0 moi-m\u00eame en pr\u00e9pa?<\/span><\/h3>\n<p style=\"text-align: right;\"><strong>Pas du tout. L\u2019esprit d\u2019\u00e9quipe est fortement encourag\u00e9. <\/strong><\/p>\n<blockquote>\n<p style=\"text-align: justify;\">Contrairement \u00e0 toutes les rumeurs que l\u2019on peut entendre ici ou l\u00e0, l\u2019ambiance en CPGE est tr\u00e8s conviviale. Les enseignants sont particuli\u00e8rement disponibles pour vous aider et vous \u00e9couter. La coh\u00e9sion de la classe et l\u2019entraide sont deux atouts essentiels que nous encourageons tout au long de l\u2019ann\u00e9e.<\/p>\n<\/blockquote>\n<p id=\"ancre_6\" style=\"text-align: right;\"><a href=\"#\">Retour en haut<\/a><\/p>\n<h3><span style=\"color: #993366;\">Les colles, qu\u2019est-ce que c\u2019est?<\/span><\/h3>\n<p style=\"text-align: right;\"><strong>Ce sont des s\u00e9ances de pr\u00e9paration \u00e0 l\u2019oral en effectif r\u00e9duit.<\/strong><\/p>\n<blockquote><p>En pr\u00e9pa, les colles ne sont pas une punition. Ce sont des s\u00e9ances d\u2019une heure, r\u00e9parties pendant la semaine de travail, pendant lesquelles des groupes de 2 ou 3 \u00e9l\u00e8ves doivent r\u00e9soudre un exercice au tableau. Les s\u00e9ances peuvent \u00e9galement \u00eatre compl\u00e9t\u00e9es par une question de cours. Les colles sont donc une bonne occasion pour revenir sur les points du cours mal compris. C\u2019est un <strong>mini cours particulier<\/strong>.<\/p><\/blockquote>\n<p id=\"ancre_7\" style=\"text-align: right;\"><a href=\"#\">Retour en haut<\/a><\/p>\n<h3><span style=\"color: #993366;\">Les notes sont-elles toujours tr\u00e8s basses ?<\/span><\/h3>\n<p style=\"text-align: right;\"><strong>Non, la moyenne de classe est d\u2019environ 10 en prem\u00e8re ann\u00e9e.<\/strong><\/p>\n<blockquote>\n<p style=\"text-align: justify;\">Contrairement aux rumeurs, les notes en classe pr\u00e9paratoires ne sont pas sous \u00e9valu\u00e9es. Il faut certes s\u2019attendre \u00e0 une baisse de votre moyenne, vu que vous \u00eates confront\u00e9s \u00e0 d\u2019autres \u00e9l\u00e8ves tous aussi bons que vous, mais ce n\u2019est pas catastrophique. Votre progression tout au long de l\u2019ann\u00e9e est un crit\u00e8re bien plus important que vos notes pour juger de votre r\u00e9ussite.<\/p>\n<\/blockquote>\n<p id=\"ancre_8\" style=\"text-align: right;\"><a href=\"#\">Retour en haut<\/a><\/p>\n<h3><span style=\"color: #993366;\">Y-a-t\u2019il un internat \u00e0 Louis Vincent ?<\/span><\/h3>\n<p style=\"text-align: right;\"><strong>Oui, pour les gar\u00e7ons et les filles<\/strong><\/p>\n<blockquote>\n<p style=\"text-align: justify;\">Le lyc\u00e9e Louis Vincent dispose d\u2019un internat r\u00e9serv\u00e9 pour les \u00e9tudiants de classe pr\u00e9paratoire. Il est ouvert du dimanche soir au vendredi soir. L\u2019internat est ferm\u00e9 le week-end, les jours f\u00e9ri\u00e9s et pendant les vacances scolaires. D\u2019autres solutions d\u2019h\u00e9bergement existent (<a title=\"Crous\" href=\"http:\/\/www.crous-lorraine.fr\/logements\/\" target=\"_blank\" rel=\"noopener\">chambres d\u2019\u00e9tudiant<\/a>, studios, <a title=\"Foyer SNCF\" href=\"http:\/\/www.residencesparme.fr\/res_infos.php?id=33\" target=\"_blank\" rel=\"noopener\">foyers SNCF<\/a>, foyer MGEL, <a title=\"Auberge de jeunesse\" href=\"http:\/\/www.ajmetz.fr\" target=\"_blank\" rel=\"noopener\">auberge de jeunesse<\/a>\u2026). Si vous rencontrez des difficult\u00e9s d\u2019h\u00e9bergement n\u2019h\u00e9sitez pas \u00e0 <a title=\"Contactez-nous\" href=\"\/?page_id=55\">nous contacter<\/a>.<\/p>\n<\/blockquote>\n<p id=\"ancre_9\" style=\"text-align: right;\"><a href=\"#\">Retour en haut<\/a><\/p>\n<h3><span style=\"color: #993366;\">Comment acc\u00e9der \u00e0 Louis Vincent ?<\/span><\/h3>\n<p style=\"text-align: right;\"><strong>Le Lyc\u00e9e est situ\u00e9 \u00e0 5min \u00e0 pied de la Gare de Metz. <\/strong><\/p>\n<blockquote>\n<p style=\"text-align: justify;\">Situ\u00e9 dans le quartier Sainte Th\u00e9r\u00e8se, le lyc\u00e9e Louis Vincent est id\u00e9alement plac\u00e9. Il est situ\u00e9 \u00e0 5 min \u00e0 pied de la gare et \u00e0 15 min (toujours \u00e0 pied), du centre commer\u00e7ant de la ville. De nombreuses lignes de bus LeMet desservent \u00e9galement l\u2019\u00e9tablissement. Vous pouvez consulter le <a title=\"Plan d'acc\u00e8s\" href=\"http:\/\/www.lycee-louis-vincent.fr\/index.php\/presentation\/localisation\" target=\"_blank\" rel=\"noopener\">Plan d\u2019acc\u00e8s<\/a>.<\/p>\n<\/blockquote>\n<p id=\"ancre_10\" style=\"text-align: right;\"><a href=\"#\">Retour en haut<\/a><\/p>\n<h3><span style=\"color: #993366;\">Etudier en pr\u00e9pa, est-ce que \u00e7a co\u00fbte cher ?<\/span><\/h3>\n<p style=\"text-align: right;\"><strong>Ca ne co\u00fbte pas plus cher qu\u2019au lyc\u00e9e.<\/strong><\/p>\n<blockquote>\n<p style=\"text-align: justify;\">Les co\u00fbts de scolarit\u00e9 en CPGE sont les co\u00fbts standards des lyc\u00e9es. Il faut pr\u00e9voir des frais de photocopie (25\u20ac \u00e0 Louis Vincent), la cotisation \u00e0 la s\u00e9curit\u00e9 sociale et \u00e9ventuellement \u00e0 une mutuelle. Pour les \u00e9l\u00e8ves ayant de faibles revenus ou venant de loin, vous pouvez b\u00e9n\u00e9ficier de la bourse de l\u2019enseignement sup\u00e9rieur en en faisant la demande aupr\u00e8s du <a href=\"http:\/\/www.crous-lorraine.fr\/\" target=\"_blank\" rel=\"noopener\">CROUS<\/a>.<\/p>\n<\/blockquote>\n<p style=\"text-align: right;\"><a href=\"#\">Retour en haut<\/a><\/p>\n<p style=\"text-align: right;\"><a title=\"La pr\u00e9pa TSI\" href=\"\/?page_id=67\">Retour vers \u00ab\u00a0La Pr\u00e9pa TSI\u00a0\u00bb<\/a><\/p>\n<\/div>\n","protected":false},"excerpt":{"rendered":"<p>Retour vers \u00ab\u00a0La Pr\u00e9pa TSI\u00a0\u00bb Voici un liste des questions qui nous sont fr\u00e9quemment pos\u00e9es. Si vous ne trouvez pas la r\u00e9ponse qu\u2019il vous faut, n\u2019h\u00e9sitez pas \u00e0 nous contacter. Est-ce que je dois \u00eatre un crack pour r\u00e9ussir en TSI ? Y\u2019a-t-il beaucoup de travail en TSI? Travaille-t-on le samedi matin? Est-ce-que je peux [&hellip;]<\/p>\n","protected":false},"author":1,"featured_media":0,"parent":67,"menu_order":0,"comment_status":"closed","ping_status":"closed","template":"","meta":{"footnotes":""},"_links":{"self":[{"href":"https:\/\/www.tsi.lycee-louis-vincent.fr\/index.php?rest_route=\/wp\/v2\/pages\/110"}],"collection":[{"href":"https:\/\/www.tsi.lycee-louis-vincent.fr\/index.php?rest_route=\/wp\/v2\/pages"}],"about":[{"href":"https:\/\/www.tsi.lycee-louis-vincent.fr\/index.php?rest_route=\/wp\/v2\/types\/page"}],"author":[{"embeddable":true,"href":"https:\/\/www.tsi.lycee-louis-vincent.fr\/index.php?rest_route=\/wp\/v2\/users\/1"}],"replies":[{"embeddable":true,"href":"https:\/\/www.tsi.lycee-louis-vincent.fr\/index.php?rest_route=%2Fwp%2Fv2%2Fcomments&post=110"}],"version-history":[{"count":2,"href":"https:\/\/www.tsi.lycee-louis-vincent.fr\/index.php?rest_route=\/wp\/v2\/pages\/110\/revisions"}],"predecessor-version":[{"id":3824,"href":"https:\/\/www.tsi.lycee-louis-vincent.fr\/index.php?rest_route=\/wp\/v2\/pages\/110\/revisions\/3824"}],"up":[{"embeddable":true,"href":"https:\/\/www.tsi.lycee-louis-vincent.fr\/index.php?rest_route=\/wp\/v2\/pages\/67"}],"wp:attachment":[{"href":"https:\/\/www.tsi.lycee-louis-vincent.fr\/index.php?rest_route=%2Fwp%2Fv2%2Fmedia&parent=110"}],"curies":[{"name":"wp","href":"https:\/\/api.w.org\/{rel}","templated":true}]}}