{"id":443,"date":"2012-11-07T11:43:18","date_gmt":"2012-11-07T11:43:18","guid":{"rendered":"http:\/\/tsimetz.olympe.in\/?page_id=443"},"modified":"2019-01-25T21:57:19","modified_gmt":"2019-01-25T20:57:19","slug":"la-ville-de-metz","status":"publish","type":"page","link":"https:\/\/www.tsi.lycee-louis-vincent.fr\/?page_id=443","title":{"rendered":"La ville de Metz"},"content":{"rendered":"<blockquote>\n<p style=\"text-align: center;\"><span style=\"color: #993366;\">Metz, 39e ville \u00e0 voir dans le monde (d\u2019apr\u00e8s le New York Times)<\/span><\/p>\n<\/blockquote>\n<p><a href=\"wp-content\/uploads\/2011\/07\/metz1.jpg\"><img loading=\"lazy\" decoding=\"async\" class=\"alignright size-medium wp-image-441\" title=\"metz1\" src=\"wp-content\/uploads\/2011\/07\/metz1-300x200.jpg\" alt=\"\" width=\"240\" height=\"160\" \/><\/a><\/p>\n<ul>\n<li><a href=\"#ancre_1\">Histoire et situation<\/a><\/li>\n<li><a href=\"#ancre_2\">Le patrimoine architectural<\/a><\/li>\n<li><a href=\"#ancre_3\">Sortir \u00e0 Metz<\/a><\/li>\n<li><a href=\"#ancre_4\">METZ, Cit\u00e9 des nouvelles technologies<\/a><\/li>\n<li><a href=\"#ancre_5\">Les messins c\u00e9l\u00e8bres<\/a><\/li>\n<\/ul>\n<h3 id=\"ancre_1\" style=\"text-align: center;\"><strong><span style=\"color: #993366;\">Histoire et Situation<\/span><\/strong><\/h3>\n<p style=\"text-align: justify;\">Vieille de plus de 3000 ans, la ville de METZ est riche d\u2019histoire et de culture. Situ\u00e9e en Lorraine, aux portes de l\u2019Europe (\u00e0 proximit\u00e9 du Luxembourg et de l\u2019Allemagne), elle est accessible en <strong>TGV depuis Paris en moins de 1h20<\/strong>.<\/p>\n<p style=\"text-align: justify;\">D\u2019abord occup\u00e9e par les Romains, la ville de Metz devient ensuite la capitale du royaume d\u2019Austrasie. C\u2019est \u00e0 Metz que na\u00eet la dynastie des Carolingiens, inaugur\u00e9e par P\u00e9pin le Bref en 751. Au moyen age, Metz devient une r\u00e9publique oligarchique et la ville est de nombreuses fois assi\u00e9g\u00e9e.<\/p>\n<blockquote><p>Metz est une des dix premi\u00e8res villes de France o\u00f9 se d\u00e9veloppent l\u2019imprimerie et la typographie.<\/p><\/blockquote>\n<p style=\"text-align: justify;\">Apr\u00e8s la guerre Franco-Prussienne, METZ devient allemande en 1870. Elle garde de nombreuses traces architecturales de cette p\u00e9riode. La ville redevient Fran\u00e7aise apr\u00e8s l\u2019Armistice de 1918. R\u00e9annex\u00e9e pendant la deuxi\u00e8me guerre mondiale, la ville est lib\u00e9r\u00e9e en 1944.<\/p>\n<p id=\"ancre_2\" style=\"text-align: right;\"><a href=\"#\">Retour en haut<\/a><\/p>\n<h3 style=\"text-align: center;\"><strong><span style=\"color: #993366;\">Le patrimoine architectural<\/span><\/strong><\/h3>\n<p style=\"text-align: justify;\">Le patrimoine architectural de Metz est exceptionnel. Le maire de Metz en a m\u00eame demand\u00e9 le classement au patrimoine mondial de l\u2019UNESCO.<\/p>\n<p style=\"text-align: justify;\">Au fil des quartiers, vous pourrez rencontrer de nombreux b\u00e2timents, reflets de l\u2019histoire de la Ville.<\/p>\n<p style=\"text-align: justify;\"><span style=\"color: #993366;\"><strong>Au centre Ville<\/strong><\/span>, vous pourrez visiter la <em>Cath\u00e9drale Saint Etienne <\/em>poss\u00e9dant la plus grande surface vitr\u00e9e d\u2019Europe (6500 m2 de vitraux). Vous pourrez \u00e9galement sillonner la <em>Place Saint Louis<\/em> (datant du XIIIe si\u00e8cle).<\/p>\n<p style=\"padding-left: 30px;\"><a href=\"wp-content\/uploads\/2011\/07\/cathedrale.jpg\"><img loading=\"lazy\" decoding=\"async\" class=\"size-medium wp-image-450 alignnone\" title=\"cathedrale Saint Etienne\" src=\"wp-content\/uploads\/2011\/07\/cathedrale-300x212.jpg\" alt=\"\" width=\"300\" height=\"212\" \/><\/a> <a href=\"wp-content\/uploads\/2011\/07\/vitraux.jpg\"><img loading=\"lazy\" decoding=\"async\" class=\"size-medium wp-image-451 alignnone\" title=\"vitraux\" src=\"wp-content\/uploads\/2011\/07\/vitraux-207x300.jpg\" alt=\"\" width=\"145\" height=\"210\" \/><\/a><\/p>\n<p style=\"text-align: justify;\"><span style=\"color: #993366;\"><strong>En vous \u00e9cartant un petit peu<\/strong><\/span>, vous pourrez contempler la <em>Porte des Allemands<\/em>, marquant l\u2019entr\u00e9e de la ville.<\/p>\n<p style=\"text-align: justify;\"><a href=\"wp-content\/uploads\/2011\/07\/saintlouis.jpg\"><img loading=\"lazy\" decoding=\"async\" class=\"alignnone size-medium wp-image-452\" title=\"Place Saint Louis\" src=\"wp-content\/uploads\/2011\/07\/saintlouis-300x225.jpg\" alt=\"\" width=\"243\" height=\"183\" \/><\/a> <a href=\"wp-content\/uploads\/2011\/07\/porte-des-allemands.jpg\"><img loading=\"lazy\" decoding=\"async\" class=\"alignnone size-medium wp-image-453\" title=\"porte des allemands\" src=\"wp-content\/uploads\/2011\/07\/porte-des-allemands-300x190.jpg\" alt=\"\" width=\"300\" height=\"190\" \/><\/a><\/p>\n<p style=\"text-align: justify;\"><span style=\"color: #993366;\"><strong>Pr\u00e8s de la Gare<\/strong><\/span>, vous entrez dans le <em>quartier imp\u00e9rial<\/em>, construit par les allemands \u00e0 la fin du XIXe si\u00e8cle.<\/p>\n<p style=\"padding-left: 30px;\"><a href=\"wp-content\/uploads\/2011\/07\/gare.jpg\"><img loading=\"lazy\" decoding=\"async\" class=\"alignnone size-medium wp-image-455\" title=\"gare de Metz\" src=\"wp-content\/uploads\/2011\/07\/gare-300x225.jpg\" alt=\"\" width=\"240\" height=\"180\" \/><\/a> <a href=\"wp-content\/uploads\/2011\/07\/poste.jpeg\"><img loading=\"lazy\" decoding=\"async\" class=\"alignnone size-full wp-image-456\" title=\"grande poste\" src=\"wp-content\/uploads\/2011\/07\/poste.jpeg\" alt=\"\" width=\"240\" height=\"180\" \/><\/a><\/p>\n<p style=\"text-align: justify;\">Enfin, en traversant les voies de chemins de fer, vous apercevrez le <em>Centre Pompidou<\/em>, et le quartier des Ar\u00e8nes, dernier joyau architectural de la ville.<\/p>\n<p style=\"text-align: center;\"><a href=\"wp-content\/uploads\/2011\/07\/Pompidou-Metz.jpg\"><img loading=\"lazy\" decoding=\"async\" class=\"aligncenter size-full wp-image-457\" title=\"Pompidou-Metz\" src=\"wp-content\/uploads\/2011\/07\/Pompidou-Metz.jpg\" alt=\"\" width=\"425\" height=\"222\" \/><\/a><\/p>\n<p id=\"ancre_3\" style=\"text-align: right;\"><a href=\"#\">Retour en haut<\/a><\/p>\n<h3 style=\"text-align: center;\"><strong><span style=\"color: #993366;\">Sortir \u00e0 Metz<\/span><\/strong><\/h3>\n<p style=\"text-align: justify;\"><span style=\"color: #993366;\"><strong>Si vous aimez la verdure<\/strong><\/span>, vous pourrez vous promener au fil de l\u2019eau, le long des nombreux quais bordant la Moselle, ou vous rendre au plan d\u2019eau, espace de d\u00e9tente situ\u00e9 \u00e0 10 min \u00e0 peine du Lyc\u00e9e.<\/p>\n<p><a href=\"wp-content\/uploads\/2011\/07\/plan-deau.jpg\"><img loading=\"lazy\" decoding=\"async\" class=\"alignnone size-medium wp-image-459\" title=\"plan d'eau\" src=\"wp-content\/uploads\/2011\/07\/plan-deau-300x225.jpg\" alt=\"\" width=\"243\" height=\"183\" \/><\/a> <a href=\"wp-content\/uploads\/2011\/07\/temple.jpg\"><img loading=\"lazy\" decoding=\"async\" class=\"alignnone size-medium wp-image-460\" title=\"Quais de Metz\" src=\"wp-content\/uploads\/2011\/07\/temple-300x200.jpg\" alt=\"\" width=\"270\" height=\"180\" \/><\/a><\/p>\n<p style=\"text-align: justify;\"><span style=\"color: #993366;\"><strong>Si vous souhaitez vous d\u00e9salt\u00e9rer<\/strong><\/span>, rendez-vous Place Saint-Jacques ou Place Saint-Louis. Les nombreuses terrasses \u00e0 votre disposition vous permettront de vous ressourcer \u00e0 l\u2019air libre.<\/p>\n<p style=\"text-align: justify;\"><a href=\"wp-content\/uploads\/2011\/07\/saint-jacques.jpg\"><img loading=\"lazy\" decoding=\"async\" class=\"aligncenter size-medium wp-image-461\" title=\"Place Saint Jacques\" src=\"wp-content\/uploads\/2011\/07\/saint-jacques-300x200.jpg\" alt=\"\" width=\"300\" height=\"200\" \/><\/a><\/p>\n<p style=\"text-align: justify;\"><strong><span style=\"color: #993366;\">Si vous aimez les concerts<\/span><\/strong>, vous ne serez pas en reste. Les Ar\u00e8nes de Metz accueillent chaque ann\u00e9e de nombreux spectacles, groupes ou chanteurs. Pour les petits budgets, profitez des animations estivales. A l\u2019occasion des f\u00eates de la mirabelle, la ville organise tout l\u2019\u00e9t\u00e9 de nombreux concerts gratuits dans les rues de la ville. N\u2019oublions pas non plus la f\u00eate de la musique.<\/p>\n<p><a href=\"wp-content\/uploads\/2011\/07\/feu-artifice.jpg\"><img loading=\"lazy\" decoding=\"async\" class=\"aligncenter size-medium wp-image-462\" title=\"feu artifice\" src=\"wp-content\/uploads\/2011\/07\/feu-artifice-300x200.jpg\" alt=\"\" width=\"300\" height=\"200\" \/><\/a><\/p>\n<p style=\"text-align: justify;\">Vous pourrez \u00e9galement <strong><span style=\"color: #993366;\">parfaire votre culture <\/span><\/strong>en allant visiter les Mus\u00e9es de la Cours d\u2019Or ou le centre Pompidou (entr\u00e9e gratuite pour les \u00e9tudiants). Le premier vendredi du mois d\u2019octobre, la ville de Metz organise la nuit blanche. Spectacles et expositions dans les rues de la ville jusqu\u2019\u00e0 l\u2019aube.<\/p>\n<p style=\"padding-left: 60px;\"><a href=\"wp-content\/uploads\/2011\/07\/cours-dor.jpg\"><img loading=\"lazy\" decoding=\"async\" class=\"alignnone size-medium wp-image-463\" title=\"cours d'or\" src=\"wp-content\/uploads\/2011\/07\/cours-dor-199x300.jpg\" alt=\"\" width=\"124\" height=\"187\" \/><\/a> <a href=\"wp-content\/uploads\/2011\/07\/nuit-blanche.jpg\"><img loading=\"lazy\" decoding=\"async\" class=\"alignnone size-medium wp-image-464\" title=\"nuit blanche\" src=\"wp-content\/uploads\/2011\/07\/nuit-blanche-300x199.jpg\" alt=\"\" width=\"300\" height=\"199\" \/><\/a><\/p>\n<p style=\"text-align: justify;\">Enfin, n\u2019oublions pas le <span style=\"color: #993366;\"><strong>March\u00e9 de No\u00ebl<\/strong><\/span>, organis\u00e9 sur les grandes places de la ville \u00e0 partir de la fin du mois de novembre. Le 2e plus grand de France.<\/p>\n<p style=\"padding-left: 60px;\"><a href=\"wp-content\/uploads\/2011\/07\/marche-noel.jpg\"><img loading=\"lazy\" decoding=\"async\" class=\"alignnone size-medium wp-image-466\" title=\"marche noel\" src=\"wp-content\/uploads\/2011\/07\/marche-noel-300x198.jpg\" alt=\"\" width=\"300\" height=\"198\" \/><\/a> <a href=\"wp-content\/uploads\/2011\/07\/grande-roue.jpg\"><img loading=\"lazy\" decoding=\"async\" class=\"alignnone size-medium wp-image-465\" title=\"Grande Roue\" src=\"wp-content\/uploads\/2011\/07\/grande-roue-200x300.jpg\" alt=\"\" width=\"131\" height=\"197\" \/><\/a><\/p>\n<p id=\"ancre_4\" style=\"text-align: right;\"><a href=\"#\">Retour en haut<\/a><\/p>\n<h3 style=\"text-align: center;\"><strong><span style=\"color: #993366;\">METZ, Cit\u00e9 des nouvelles technologies<\/span><\/strong><\/h3>\n<p style=\"text-align: justify;\">Cr\u00e9\u00e9 en 1983, le technop\u00f4le de Metz, situ\u00e9 au sud-est de la ville dans un cadre verdoyant, accueille 230 implantations et 4 000 salari\u00e9s qui se r\u00e9partissent en trois p\u00f4les :<a href=\"wp-content\/uploads\/2011\/07\/technopole.jpg\"><img loading=\"lazy\" decoding=\"async\" class=\"alignright size-medium wp-image-482\" title=\"technopole de Metz\" src=\"wp-content\/uploads\/2011\/07\/technopole-300x200.jpg\" alt=\"\" width=\"240\" height=\"160\" \/><\/a><\/p>\n<ul>\n<li style=\"list-style-type: none\">\n<ul>\n<li style=\"text-align: justify;\">des <span style=\"color: #993366;\"><strong>entreprises<\/strong><\/span> de pointes li\u00e9es \u00e0 la t\u00e9l\u00e9communication et \u00e0 l\u2019information,<\/li>\n<\/ul>\n<\/li>\n<\/ul>\n<ul>\n<li style=\"list-style-type: none\">\n<ul>\n<li style=\"text-align: justify;\">des <strong><span style=\"color: #993366;\">grandes \u00e9coles <\/span><\/strong>et universit\u00e9s<\/li>\n<\/ul>\n<\/li>\n<\/ul>\n<ul>\n<li style=\"text-align: justify;\">le <strong><span style=\"color: #993366;\">centre d\u2019affaires<\/span><\/strong> constitu\u00e9 du World Trade Center Metz-Sarrebruck et du Centre international de congr\u00e8s.<\/li>\n<\/ul>\n<p style=\"text-align: justify;\">Parmi les \u00e9coles install\u00e9es sur ce site on peut noter la pr\u00e9sence de:<\/p>\n<ul>\n<li style=\"list-style-type: none\">\n<ul>\n<li>l\u2019<a title=\"ENSAM\" href=\"https:\/\/artsetmetiers.fr\/fr\/campus\/metz\" target=\"_blank\" rel=\"noopener\">Ecole Nationale Sup\u00e9rieure des Arts et M\u00e9tiers<\/a> (<span style=\"color: #993366;\"><strong>ENSAM<\/strong><\/span>).<\/li>\n<li>l\u2019<a title=\"SUPELEC\" href=\"http:\/\/www.supelec.fr\/metz\" target=\"_blank\" rel=\"noopener\">Ecole Sup\u00e9rieure d\u2019Electricit\u00e9<\/a> (<span style=\"color: #993366;\"><strong>SUPELEC<\/strong><\/span>)<\/li>\n<li>l\u2019institut Europ\u00e9en d\u2019Ecologie<\/li>\n<li>l\u2019Ecole Nationale d\u2019Ing\u00e9nieurs de Metz (<span style=\"color: #993366;\"><strong>ENIM<\/strong><\/span>)<\/li>\n<\/ul>\n<\/li>\n<\/ul>\n<ul>\n<li style=\"list-style-type: none\">\n<ul>\n<li style=\"text-align: justify;\"><span style=\"color: #993366;\"><strong>GeorgiaTech Lorraine<\/strong><\/span>, antenne europ\u00e9enne du Georgia Institute of Technology d\u2019Atlanta (Georgie) USA<\/li>\n<\/ul>\n<\/li>\n<\/ul>\n<ul>\n<li style=\"list-style-type: none\">\n<ul>\n<li style=\"text-align: justify;\">l\u2019Ecole Sup\u00e9rieure des Ing\u00e9nieurs des Travaux et de la Construction de Metz (<span style=\"color: #993366;\"><strong>\u00c9SITC<\/strong><\/span>)<\/li>\n<\/ul>\n<\/li>\n<\/ul>\n<ul>\n<li style=\"text-align: justify;\">l\u2019International Institute of Information Technology (<span style=\"color: #993366;\"><strong>SupInfo<\/strong><\/span>)<\/li>\n<li>etc \u2026<\/li>\n<\/ul>\n<p id=\"ancre_5\" style=\"text-align: right;\"><a href=\"#\">Retour en haut<\/a><\/p>\n<h3 style=\"text-align: center;\"><strong><span style=\"color: #993366;\">Les messins c\u00e9l\u00e8bres<\/span><\/strong><\/h3>\n<p>Quelques personnalit\u00e9s li\u00e9es \u00e0 la commune:<\/p>\n<ul>\n<li style=\"list-style-type: none\">\n<ul>\n<li><span style=\"color: #993366;\"><strong>Jean-Fran\u00e7ois Pil\u00e2tre de Rozier<\/strong><\/span> (1754-1785): a\u00e9rostier<\/li>\n<\/ul>\n<\/li>\n<\/ul>\n<ul>\n<li style=\"list-style-type: none\">\n<ul>\n<li style=\"text-align: justify;\"><span style=\"color: #993366;\"><strong>Jean Victor Poncelet<\/strong><\/span> (1788-1867): math\u00e9maticien et g\u00e9n\u00e9ral fran\u00e7ais<\/li>\n<\/ul>\n<\/li>\n<\/ul>\n<ul>\n<li style=\"list-style-type: none\">\n<ul>\n<li style=\"text-align: justify;\"><span style=\"color: #993366;\"><strong>Ambroise Thomas<\/strong><\/span> (1811-1896), compositeur<\/li>\n<\/ul>\n<\/li>\n<\/ul>\n<ul>\n<li style=\"list-style-type: none\">\n<ul>\n<li style=\"text-align: justify;\"><span style=\"color: #993366;\"><strong>Charles P\u00eatre<\/strong><\/span> (1828-1907): sculpteur<\/li>\n<\/ul>\n<\/li>\n<\/ul>\n<ul>\n<li style=\"list-style-type: none\">\n<ul>\n<li style=\"text-align: justify;\"><span style=\"color: #993366;\"><strong>Paul Verlaine<\/strong><\/span> (1844-1896): po\u00e8te<\/li>\n<\/ul>\n<\/li>\n<\/ul>\n<ul>\n<li style=\"text-align: justify;\">\u2026<\/li>\n<\/ul>\n<p id=\"ancre_6\" style=\"text-align: right;\"><a href=\"#\">Retour en haut<\/a><\/p>\n","protected":false},"excerpt":{"rendered":"<p>Metz, 39e ville \u00e0 voir dans le monde (d\u2019apr\u00e8s le New York Times) Histoire et situation Le patrimoine architectural Sortir \u00e0 Metz METZ, Cit\u00e9 des nouvelles technologies Les messins c\u00e9l\u00e8bres Histoire et Situation Vieille de plus de 3000 ans, la ville de METZ est riche d\u2019histoire et de culture. Situ\u00e9e en Lorraine, aux portes de [&hellip;]<\/p>\n","protected":false},"author":1,"featured_media":0,"parent":441,"menu_order":0,"comment_status":"closed","ping_status":"closed","template":"","meta":{"footnotes":""},"_links":{"self":[{"href":"https:\/\/www.tsi.lycee-louis-vincent.fr\/index.php?rest_route=\/wp\/v2\/pages\/443"}],"collection":[{"href":"https:\/\/www.tsi.lycee-louis-vincent.fr\/index.php?rest_route=\/wp\/v2\/pages"}],"about":[{"href":"https:\/\/www.tsi.lycee-louis-vincent.fr\/index.php?rest_route=\/wp\/v2\/types\/page"}],"author":[{"embeddable":true,"href":"https:\/\/www.tsi.lycee-louis-vincent.fr\/index.php?rest_route=\/wp\/v2\/users\/1"}],"replies":[{"embeddable":true,"href":"https:\/\/www.tsi.lycee-louis-vincent.fr\/index.php?rest_route=%2Fwp%2Fv2%2Fcomments&post=443"}],"version-history":[{"count":1,"href":"https:\/\/www.tsi.lycee-louis-vincent.fr\/index.php?rest_route=\/wp\/v2\/pages\/443\/revisions"}],"predecessor-version":[{"id":3828,"href":"https:\/\/www.tsi.lycee-louis-vincent.fr\/index.php?rest_route=\/wp\/v2\/pages\/443\/revisions\/3828"}],"up":[{"embeddable":true,"href":"https:\/\/www.tsi.lycee-louis-vincent.fr\/index.php?rest_route=\/wp\/v2\/pages\/441"}],"wp:attachment":[{"href":"https:\/\/www.tsi.lycee-louis-vincent.fr\/index.php?rest_route=%2Fwp%2Fv2%2Fmedia&parent=443"}],"curies":[{"name":"wp","href":"https:\/\/api.w.org\/{rel}","templated":true}]}}