{"id":449,"date":"2012-11-07T11:47:09","date_gmt":"2012-11-07T11:47:09","guid":{"rendered":"http:\/\/tsimetz.olympe.in\/?page_id=449"},"modified":"2019-01-25T21:56:09","modified_gmt":"2019-01-25T20:56:09","slug":"ou-se-loger","status":"publish","type":"page","link":"https:\/\/www.tsi.lycee-louis-vincent.fr\/?page_id=449","title":{"rendered":"O\u00f9 se loger ?"},"content":{"rendered":"<blockquote>\n<p style=\"text-align: center;\"><span style=\"color: #993366;\">Pour les \u00e9tudiants habitant loin de l\u2019\u00e9tablissement, diff\u00e9rentes solutions d\u2019h\u00e9bergement peuvent \u00eatre envisag\u00e9es.<\/span><\/p>\n<\/blockquote>\n<p style=\"text-align: left;\">\n<ul>\n<li><a href=\"#ancre_1\">L\u2019internat du lyc\u00e9e<\/a><\/li>\n<li><a href=\"#ancre_2\">Les r\u00e9sidences universitaires du crous<\/a><\/li>\n<li><a href=\"#ancre_3\">Le foyer du jeune travailleur<\/a><\/li>\n<li><a href=\"#ancre_4\">L\u2019auberge de jeunesse<\/a><\/li>\n<\/ul>\n<p id=\"ancre_1\">\n<h4 style=\"text-align: center;\"><span style=\"color: #993366;\">L\u2019internat du lyc\u00e9e<\/span><\/h4>\n<p style=\"text-align: justify;\">Le lyc\u00e9e dispose d\u2019un internat gar\u00e7ons et filles. A titre indicatif, le co\u00fbt annuel de l\u2019internat est de l&rsquo;ordre de\u00a0<strong>1600\u20ac pour l\u2019ann\u00e9e<\/strong>.<\/p>\n<p style=\"text-align: justify;\"><strong>Nous conseillons vivement aux \u00e9l\u00e8ves d\u2019opter pour cette solution. <\/strong>Elle permet en effet aux \u00e9l\u00e8ves de travailler ensemble et de s\u2019entraider.<\/p>\n<p style=\"text-align: justify;\">La demande d\u2019internat s\u2019effectue au moment de l\u2019inscription sur le portail \u00ab\u00a0admission post-bac\u00a0\u00bb.<\/p>\n<blockquote>\n<p style=\"text-align: justify;\">Malheureusement, l\u2019internat est <strong>ferm\u00e9 le week-end et les jours f\u00e9ri\u00e9s <\/strong>mais il est \u00e9galement possible d\u2019opter pour l\u2019internat extern\u00e9 ou la demi-pension.<\/p>\n<\/blockquote>\n<p id=\"ancre_2\" style=\"text-align: right;\"><a href=\"#\">Retour en haut<\/a><\/p>\n<h4 style=\"text-align: center;\"><span style=\"color: #993366;\">Les r\u00e9sidences universitaires du CROUS<\/span><\/h4>\n<p style=\"text-align: justify;\">Les r\u00e9sidences les plus proches de l\u2019\u00e9tablissement sont les r\u00e9sidences <a href=\"http:\/\/www.crous-lorraine.fr\/logement\/saint-quentin\/\" target=\"_blank\" rel=\"noopener\">SAINT QUENTIN<\/a> et <a href=\"http:\/\/www.crous-lorraine.fr\/logement\/saulcy\/\" target=\"_blank\" rel=\"noopener\">SAULCY<\/a>.<\/p>\n<p style=\"text-align: justify;\">Pour obtenir un logement en r\u00e9sidence universitaire du Crous, il faut constituer un \u00ab\u00a0<strong>Dossier Social Etudiant<\/strong>\u00a0\u00bb entre le 15 janvier et le 30 avril pr\u00e9c\u00e9dent votre rentr\u00e9e en vous rendant sur le <a href=\"http:\/\/www.crous-lorraine.fr\" target=\"_blank\" rel=\"noopener\">site internet du CROUS<\/a>.<\/p>\n<p style=\"text-align: justify;\">Les logements sont attribu\u00e9s sur crit\u00e8res sociaux et sont exon\u00e9r\u00e9s de droit au bail et de taxe d\u2019habitation. L\u2019admission dans ces r\u00e9sidences est prononc\u00e9e en fonction du bar\u00e8me national qui prend en compte les revenus des parents pour l\u2019essentiel, l\u2019\u00e9loignement, les charges de la famille, les capacit\u00e9s de chaque r\u00e9sidence et le nombre de demandes.<\/p>\n<blockquote>\n<p style=\"text-align: justify;\">Tous les logements du CROUS ouvrent droit \u00e0 des aides au logement vers\u00e9es par la Caisse d\u2019allocation familiale. Il faut en faire la demande sur le site <a href=\"http:\/\/www.caf.fr\" target=\"_blank\" rel=\"noopener\">www.caf.fr<\/a>.<\/p>\n<\/blockquote>\n<p id=\"ancre_3\" style=\"text-align: right;\"><a href=\"#\">Retour en haut<\/a><\/p>\n<h4 style=\"text-align: center;\"><span style=\"color: #993366;\">Le foyer du jeune travailleur<\/span><\/h4>\n<p style=\"text-align: justify;\">L\u2019association Etap\u2019Habitat propose la location de logements (chambre ou studio) en r\u00e9sidences multiservices. (<strong>tarif indicatif 430\u20ac par mois<\/strong>).<\/p>\n<blockquote>\n<p style=\"text-align: justify;\">Pour plus d\u2019informations, rendez vous sur leur <a href=\"http:\/\/www.etaphabitat.fr\/\" target=\"_blank\" rel=\"noopener\">site internet<\/a>.<\/p>\n<\/blockquote>\n<p id=\"ancre_4\" style=\"text-align: right;\"><a href=\"#\">Retour en haut<\/a><\/p>\n<h4 style=\"text-align: center;\"><span style=\"color: #993366;\">L\u2019auberge de jeunesse.<\/span><\/h4>\n<p style=\"text-align: justify;\">L\u2019auberge de jeunesse de Metz propose un h\u00e9bergement par nuit\u00e9e (<strong>environ 18\u20ac par nuit\u00e9e<\/strong>). Ceci peut constituer une solution en compl\u00e9ment de l\u2019internat.<\/p>\n<blockquote>\n<p style=\"text-align: justify;\">Pour plus de renseignement: <a href=\"http:\/\/www.ajmetz.fr\/\" target=\"_blank\" rel=\"noopener\">www.ajmetz.fr<\/a><\/p>\n<\/blockquote>\n<p style=\"text-align: right;\"><a href=\"#\">Retour en haut<\/a><\/p>\n","protected":false},"excerpt":{"rendered":"<p>Pour les \u00e9tudiants habitant loin de l\u2019\u00e9tablissement, diff\u00e9rentes solutions d\u2019h\u00e9bergement peuvent \u00eatre envisag\u00e9es. L\u2019internat du lyc\u00e9e Les r\u00e9sidences universitaires du crous Le foyer du jeune travailleur L\u2019auberge de jeunesse L\u2019internat du lyc\u00e9e Le lyc\u00e9e dispose d\u2019un internat gar\u00e7ons et filles. A titre indicatif, le co\u00fbt annuel de l\u2019internat est de l&rsquo;ordre de\u00a01600\u20ac pour l\u2019ann\u00e9e. Nous [&hellip;]<\/p>\n","protected":false},"author":1,"featured_media":0,"parent":441,"menu_order":0,"comment_status":"closed","ping_status":"closed","template":"","meta":{"footnotes":""},"_links":{"self":[{"href":"https:\/\/www.tsi.lycee-louis-vincent.fr\/index.php?rest_route=\/wp\/v2\/pages\/449"}],"collection":[{"href":"https:\/\/www.tsi.lycee-louis-vincent.fr\/index.php?rest_route=\/wp\/v2\/pages"}],"about":[{"href":"https:\/\/www.tsi.lycee-louis-vincent.fr\/index.php?rest_route=\/wp\/v2\/types\/page"}],"author":[{"embeddable":true,"href":"https:\/\/www.tsi.lycee-louis-vincent.fr\/index.php?rest_route=\/wp\/v2\/users\/1"}],"replies":[{"embeddable":true,"href":"https:\/\/www.tsi.lycee-louis-vincent.fr\/index.php?rest_route=%2Fwp%2Fv2%2Fcomments&post=449"}],"version-history":[{"count":2,"href":"https:\/\/www.tsi.lycee-louis-vincent.fr\/index.php?rest_route=\/wp\/v2\/pages\/449\/revisions"}],"predecessor-version":[{"id":3827,"href":"https:\/\/www.tsi.lycee-louis-vincent.fr\/index.php?rest_route=\/wp\/v2\/pages\/449\/revisions\/3827"}],"up":[{"embeddable":true,"href":"https:\/\/www.tsi.lycee-louis-vincent.fr\/index.php?rest_route=\/wp\/v2\/pages\/441"}],"wp:attachment":[{"href":"https:\/\/www.tsi.lycee-louis-vincent.fr\/index.php?rest_route=%2Fwp%2Fv2%2Fmedia&parent=449"}],"curies":[{"name":"wp","href":"https:\/\/api.w.org\/{rel}","templated":true}]}}